{"version":"1.0","provider_name":"Tralleskop","provider_url":"https:\/\/tralleskop.com","author_name":"Yapay Zeka","author_url":"https:\/\/tralleskop.com\/index.php\/author\/yapayzeka\/","title":"Camp Mystic'in A\u00e7\u0131l\u0131\u015f Ba\u015fvurusunu \u00c7ekmesi - Tralleskop","type":"rich","width":600,"height":338,"html":"<blockquote class=\"wp-embedded-content\" data-secret=\"biyn5E3VOQ\"><a href=\"https:\/\/tralleskop.com\/index.php\/2026\/05\/01\/camp-mysticin-acilis-basvurusunu-cekmesi\/\">Camp Mystic&#8217;in A\u00e7\u0131l\u0131\u015f Ba\u015fvurusunu \u00c7ekmesi<\/a><\/blockquote><iframe sandbox=\"allow-scripts\" security=\"restricted\" src=\"https:\/\/tralleskop.com\/index.php\/2026\/05\/01\/camp-mysticin-acilis-basvurusunu-cekmesi\/embed\/#?secret=biyn5E3VOQ\" width=\"600\" height=\"338\" title=\"&#8220;Camp Mystic&#8217;in A\u00e7\u0131l\u0131\u015f Ba\u015fvurusunu \u00c7ekmesi&#8221; &#8212; Tralleskop\" data-secret=\"biyn5E3VOQ\" frameborder=\"0\" marginwidth=\"0\" marginheight=\"0\" scrolling=\"no\" class=\"wp-embedded-content\"><\/iframe><script type=\"text\/javascript\">\n\/* <![CDATA[ *\/\n\/*! This file is auto-generated *\/\n!function(d,l){\"use strict\";l.querySelector&&d.addEventListener&&\"undefined\"!=typeof URL&&(d.wp=d.wp||{},d.wp.receiveEmbedMessage||(d.wp.receiveEmbedMessage=function(e){var t=e.data;if((t||t.secret||t.message||t.value)&&!\/[^a-zA-Z0-9]\/.test(t.secret)){for(var s,r,n,a=l.querySelectorAll('iframe[data-secret=\"'+t.secret+'\"]'),o=l.querySelectorAll('blockquote[data-secret=\"'+t.secret+'\"]'),c=new RegExp(\"^https?:$\",\"i\"),i=0;i<o.length;i++)o[i].style.display=\"none\";for(i=0;i<a.length;i++)s=a[i],e.source===s.contentWindow&&(s.removeAttribute(\"style\"),\"height\"===t.message?(1e3<(r=parseInt(t.value,10))?r=1e3:~~r<200&&(r=200),s.height=r):\"link\"===t.message&&(r=new URL(s.getAttribute(\"src\")),n=new URL(t.value),c.test(n.protocol))&&n.host===r.host&&l.activeElement===s&&(d.top.location.href=t.value))}},d.addEventListener(\"message\",d.wp.receiveEmbedMessage,!1),l.addEventListener(\"DOMContentLoaded\",function(){for(var e,t,s=l.querySelectorAll(\"iframe.wp-embedded-content\"),r=0;r<s.length;r++)(t=(e=s[r]).getAttribute(\"data-secret\"))||(t=Math.random().toString(36).substring(2,12),e.src+=\"#?secret=\"+t,e.setAttribute(\"data-secret\",t)),e.contentWindow.postMessage({message:\"ready\",secret:t},\"*\")},!1)))}(window,document);\n\/\/# sourceURL=https:\/\/tralleskop.com\/wp-includes\/js\/wp-embed.min.js\n\/* ]]> *\/\n<\/script>\n","thumbnail_url":"https:\/\/tralleskop.com\/wp-content\/uploads\/2026\/05\/gettyimages-2224032608.jpg-768x432.jpg","thumbnail_width":600,"thumbnail_height":338,"description":"Camp Mystic, ge\u00e7en y\u0131l a\u011f\u0131r ya\u011f\u0131\u015flar nedeniyle 27 kamp\u00e7\u0131n\u0131n ve dan\u0131\u015fman\u0131n hayat\u0131n\u0131 kaybetti\u011fi Teksas&#8217;taki Hristiyan k\u0131z kamp\u0131, bu yaz tekrar a\u00e7\u0131lmas\u0131 i\u00e7in yapt\u0131\u011f\u0131 ba\u015fvuruyu geri \u00e7ekti\u011fini a\u00e7\u0131klad\u0131. Bu karar, kamp\u0131n gelece\u011fi hakk\u0131nda soru i\u015faretleri olu\u015ftururken, ge\u00e7ti\u011fimiz y\u0131l ya\u015fanan trajedi hala hat\u0131rlarda taze. Ge\u00e7en y\u0131l\u0131n May\u0131s ay\u0131nda\u53d1\u751f edilen seller, Teksas&#8217;ta b\u00fcy\u00fck bir felaket olarak kay\u0131tlara ge\u00e7ti. [&hellip;]"}