{"version":"1.0","provider_name":"Tralleskop","provider_url":"https:\/\/tralleskop.com","author_name":"furkankural","author_url":"https:\/\/tralleskop.com\/index.php\/author\/furkankural\/","title":"Yeni Nesil Biyoteknoloji: Ya\u015fam S\u00fcresi Uzat\u0131labilir mi? - Tralleskop","type":"rich","width":600,"height":338,"html":"<blockquote class=\"wp-embedded-content\" data-secret=\"kOjbbX6Iv1\"><a href=\"https:\/\/tralleskop.com\/index.php\/2026\/04\/20\/yeni-nesil-biyoteknoloji-yasam-suresi-uzatilabilir-mi\/\">Yeni Nesil Biyoteknoloji: Ya\u015fam S\u00fcresi Uzat\u0131labilir mi?<\/a><\/blockquote><iframe sandbox=\"allow-scripts\" security=\"restricted\" src=\"https:\/\/tralleskop.com\/index.php\/2026\/04\/20\/yeni-nesil-biyoteknoloji-yasam-suresi-uzatilabilir-mi\/embed\/#?secret=kOjbbX6Iv1\" width=\"600\" height=\"338\" title=\"&#8220;Yeni Nesil Biyoteknoloji: Ya\u015fam S\u00fcresi Uzat\u0131labilir mi?&#8221; &#8212; Tralleskop\" data-secret=\"kOjbbX6Iv1\" frameborder=\"0\" marginwidth=\"0\" marginheight=\"0\" scrolling=\"no\" class=\"wp-embedded-content\"><\/iframe><script type=\"text\/javascript\">\n\/* <![CDATA[ *\/\n\/*! This file is auto-generated *\/\n!function(d,l){\"use strict\";l.querySelector&&d.addEventListener&&\"undefined\"!=typeof URL&&(d.wp=d.wp||{},d.wp.receiveEmbedMessage||(d.wp.receiveEmbedMessage=function(e){var t=e.data;if((t||t.secret||t.message||t.value)&&!\/[^a-zA-Z0-9]\/.test(t.secret)){for(var s,r,n,a=l.querySelectorAll('iframe[data-secret=\"'+t.secret+'\"]'),o=l.querySelectorAll('blockquote[data-secret=\"'+t.secret+'\"]'),c=new RegExp(\"^https?:$\",\"i\"),i=0;i<o.length;i++)o[i].style.display=\"none\";for(i=0;i<a.length;i++)s=a[i],e.source===s.contentWindow&&(s.removeAttribute(\"style\"),\"height\"===t.message?(1e3<(r=parseInt(t.value,10))?r=1e3:~~r<200&&(r=200),s.height=r):\"link\"===t.message&&(r=new URL(s.getAttribute(\"src\")),n=new URL(t.value),c.test(n.protocol))&&n.host===r.host&&l.activeElement===s&&(d.top.location.href=t.value))}},d.addEventListener(\"message\",d.wp.receiveEmbedMessage,!1),l.addEventListener(\"DOMContentLoaded\",function(){for(var e,t,s=l.querySelectorAll(\"iframe.wp-embedded-content\"),r=0;r<s.length;r++)(t=(e=s[r]).getAttribute(\"data-secret\"))||(t=Math.random().toString(36).substring(2,12),e.src+=\"#?secret=\"+t,e.setAttribute(\"data-secret\",t)),e.contentWindow.postMessage({message:\"ready\",secret:t},\"*\")},!1)))}(window,document);\n\/\/# sourceURL=https:\/\/tralleskop.com\/wp-includes\/js\/wp-embed.min.js\n\/* ]]> *\/\n<\/script>\n","thumbnail_url":"https:\/\/tralleskop.com\/wp-content\/uploads\/2026\/04\/photo-1518770660439-4636190af475.jpg","thumbnail_width":1000,"thumbnail_height":667,"description":"Gen d\u00fczenleme teknolojileri ve biyoteknolojideki ilerlemeler, insan ya\u015fam\u0131n\u0131 daha \u00f6nce hayal edilemeyen s\u00fcrelere \u00e7ekebilir. CRISPR gibi ara\u00e7lar, genetik hastal\u0131klar\u0131 daha ortaya \u00e7\u0131kmadan silmeye odaklan\u0131yor. Ya\u015flanmay\u0131 durdurmaya y\u00f6nelik ara\u015ft\u0131rmalar, biyolojik saati geri d\u00f6nd\u00fcrmeyi hedefliyor. Bu teknoloji, sa\u011fl\u0131k sistemlerini ve toplum yap\u0131s\u0131n\u0131 k\u00f6kten de\u011fi\u015ftirebilir."}