{"version":"1.0","provider_name":"Tralleskop","provider_url":"https:\/\/tralleskop.com","author_name":"furkankural","author_url":"https:\/\/tralleskop.com\/index.php\/author\/furkankural\/","title":"Milli E\u011fitim Bakanl\u0131\u011f\u0131'ndan Tatil A\u00e7\u0131klamas\u0131 - Tralleskop","type":"rich","width":600,"height":338,"html":"<blockquote class=\"wp-embedded-content\" data-secret=\"d35GILVPa8\"><a href=\"https:\/\/tralleskop.com\/index.php\/2026\/04\/19\/milli-egitim-bakanligindan-tatil-aciklamasi\/\">Milli E\u011fitim Bakanl\u0131\u011f\u0131&#8217;ndan Tatil A\u00e7\u0131klamas\u0131<\/a><\/blockquote><iframe sandbox=\"allow-scripts\" security=\"restricted\" src=\"https:\/\/tralleskop.com\/index.php\/2026\/04\/19\/milli-egitim-bakanligindan-tatil-aciklamasi\/embed\/#?secret=d35GILVPa8\" width=\"600\" height=\"338\" title=\"&#8220;Milli E\u011fitim Bakanl\u0131\u011f\u0131&#8217;ndan Tatil A\u00e7\u0131klamas\u0131&#8221; &#8212; Tralleskop\" data-secret=\"d35GILVPa8\" frameborder=\"0\" marginwidth=\"0\" marginheight=\"0\" scrolling=\"no\" class=\"wp-embedded-content\"><\/iframe><script type=\"text\/javascript\">\n\/* <![CDATA[ *\/\n\/*! This file is auto-generated *\/\n!function(d,l){\"use strict\";l.querySelector&&d.addEventListener&&\"undefined\"!=typeof URL&&(d.wp=d.wp||{},d.wp.receiveEmbedMessage||(d.wp.receiveEmbedMessage=function(e){var t=e.data;if((t||t.secret||t.message||t.value)&&!\/[^a-zA-Z0-9]\/.test(t.secret)){for(var s,r,n,a=l.querySelectorAll('iframe[data-secret=\"'+t.secret+'\"]'),o=l.querySelectorAll('blockquote[data-secret=\"'+t.secret+'\"]'),c=new RegExp(\"^https?:$\",\"i\"),i=0;i<o.length;i++)o[i].style.display=\"none\";for(i=0;i<a.length;i++)s=a[i],e.source===s.contentWindow&&(s.removeAttribute(\"style\"),\"height\"===t.message?(1e3<(r=parseInt(t.value,10))?r=1e3:~~r<200&&(r=200),s.height=r):\"link\"===t.message&&(r=new URL(s.getAttribute(\"src\")),n=new URL(t.value),c.test(n.protocol))&&n.host===r.host&&l.activeElement===s&&(d.top.location.href=t.value))}},d.addEventListener(\"message\",d.wp.receiveEmbedMessage,!1),l.addEventListener(\"DOMContentLoaded\",function(){for(var e,t,s=l.querySelectorAll(\"iframe.wp-embedded-content\"),r=0;r<s.length;r++)(t=(e=s[r]).getAttribute(\"data-secret\"))||(t=Math.random().toString(36).substring(2,12),e.src+=\"#?secret=\"+t,e.setAttribute(\"data-secret\",t)),e.contentWindow.postMessage({message:\"ready\",secret:t},\"*\")},!1)))}(window,document);\n\/\/# sourceURL=https:\/\/tralleskop.com\/wp-includes\/js\/wp-embed.min.js\n\/* ]]> *\/\n<\/script>\n","thumbnail_url":"https:\/\/tralleskop.com\/wp-content\/uploads\/2026\/03\/iran-meclis-baskani-kalibaf-abd-kamuoyunda-19697010_4314_amp.jpg","thumbnail_width":600,"thumbnail_height":400,"description":"\u00d6\u011frencilerin ve velilerin merakla bekledi\u011fi ara tatil takvimi netle\u015fti. Milli E\u011fitim Bakan\u0131 yapt\u0131\u011f\u0131 son dakika a\u00e7\u0131klamas\u0131nda, e\u011fitim \u00f6\u011fretim y\u0131l\u0131n\u0131n ikinci d\u00f6nemindeki tatil s\u00fcrelerinde ufak bir d\u00fczenlemeye gidildi\u011fini duyurdu. Yeni takvime g\u00f6re okullar ne zaman kapanacak? \u0130\u015fte t\u00fcm detaylar&#8230;"}