{"version":"1.0","provider_name":"Tralleskop","provider_url":"https:\/\/tralleskop.com","author_name":"furkankural","author_url":"https:\/\/tralleskop.com\/index.php\/author\/furkankural\/","title":"K\u00fcresel Is\u0131nma Alarm\u0131: S\u0131cakl\u0131k Rekorlar\u0131 K\u0131r\u0131l\u0131yor - Tralleskop","type":"rich","width":600,"height":338,"html":"<blockquote class=\"wp-embedded-content\" data-secret=\"tlKXnCNTKQ\"><a href=\"https:\/\/tralleskop.com\/index.php\/2026\/04\/19\/kuresel-isinma-alarmi-sicaklik-rekorlari-kiriliyor\/\">K\u00fcresel Is\u0131nma Alarm\u0131: S\u0131cakl\u0131k Rekorlar\u0131 K\u0131r\u0131l\u0131yor<\/a><\/blockquote><iframe sandbox=\"allow-scripts\" security=\"restricted\" src=\"https:\/\/tralleskop.com\/index.php\/2026\/04\/19\/kuresel-isinma-alarmi-sicaklik-rekorlari-kiriliyor\/embed\/#?secret=tlKXnCNTKQ\" width=\"600\" height=\"338\" title=\"&#8220;K\u00fcresel Is\u0131nma Alarm\u0131: S\u0131cakl\u0131k Rekorlar\u0131 K\u0131r\u0131l\u0131yor&#8221; &#8212; Tralleskop\" data-secret=\"tlKXnCNTKQ\" frameborder=\"0\" marginwidth=\"0\" marginheight=\"0\" scrolling=\"no\" class=\"wp-embedded-content\"><\/iframe><script type=\"text\/javascript\">\n\/* <![CDATA[ *\/\n\/*! This file is auto-generated *\/\n!function(d,l){\"use strict\";l.querySelector&&d.addEventListener&&\"undefined\"!=typeof URL&&(d.wp=d.wp||{},d.wp.receiveEmbedMessage||(d.wp.receiveEmbedMessage=function(e){var t=e.data;if((t||t.secret||t.message||t.value)&&!\/[^a-zA-Z0-9]\/.test(t.secret)){for(var s,r,n,a=l.querySelectorAll('iframe[data-secret=\"'+t.secret+'\"]'),o=l.querySelectorAll('blockquote[data-secret=\"'+t.secret+'\"]'),c=new RegExp(\"^https?:$\",\"i\"),i=0;i<o.length;i++)o[i].style.display=\"none\";for(i=0;i<a.length;i++)s=a[i],e.source===s.contentWindow&&(s.removeAttribute(\"style\"),\"height\"===t.message?(1e3<(r=parseInt(t.value,10))?r=1e3:~~r<200&&(r=200),s.height=r):\"link\"===t.message&&(r=new URL(s.getAttribute(\"src\")),n=new URL(t.value),c.test(n.protocol))&&n.host===r.host&&l.activeElement===s&&(d.top.location.href=t.value))}},d.addEventListener(\"message\",d.wp.receiveEmbedMessage,!1),l.addEventListener(\"DOMContentLoaded\",function(){for(var e,t,s=l.querySelectorAll(\"iframe.wp-embedded-content\"),r=0;r<s.length;r++)(t=(e=s[r]).getAttribute(\"data-secret\"))||(t=Math.random().toString(36).substring(2,12),e.src+=\"#?secret=\"+t,e.setAttribute(\"data-secret\",t)),e.contentWindow.postMessage({message:\"ready\",secret:t},\"*\")},!1)))}(window,document);\n\/\/# sourceURL=https:\/\/tralleskop.com\/wp-includes\/js\/wp-embed.min.js\n\/* ]]> *\/\n<\/script>\n","thumbnail_url":"https:\/\/tralleskop.com\/wp-content\/uploads\/2026\/03\/0ac76d6b-9754-4456-8050-069a532ee730.webp","thumbnail_width":600,"thumbnail_height":451,"description":"D\u00fcnya Meteoroloji \u00d6rg\u00fct\u00fc (WMO) taraf\u0131ndan yay\u0131mlanan son rapora g\u00f6re, bu yaz k\u00fcresel s\u0131cakl\u0131k ortalamalar\u0131 t\u00fcm zamanlar\u0131n en y\u00fcksek seviyesine ula\u015ft\u0131. A\u015f\u0131r\u0131 s\u0131caklar bir\u00e7ok k\u0131tada orman yang\u0131nlar\u0131na ve kurakl\u0131\u011fa neden olurken, uzmanlar karbon emisyonlar\u0131n\u0131n acilen d\u00fc\u015f\u00fcr\u00fclmesi gerekti\u011fi konusunda t\u00fcm d\u00fcnya \u00fclkelerine \u00e7a\u011fr\u0131da bulundu."}